{"id":1021,"date":"2014-04-22T12:38:56","date_gmt":"2014-04-22T12:38:56","guid":{"rendered":"http:\/\/www.edelstam.org\/?page_id=1021"},"modified":"2020-05-23T16:08:54","modified_gmt":"2020-05-23T15:08:54","slug":"el-comite-de-nominacion","status":"publish","type":"page","link":"https:\/\/www.edelstam.org\/es\/premio-edelstam\/el-comite-de-nominacion\/","title":{"rendered":"El Comit\u00e9 de Nominaci\u00f3n"},"content":{"rendered":"<div class=\"wpb-content-wrapper\"><p>[vc_row][vc_column width=&#8221;1\/4&#8243;][vc_single_image image=&#8221;1299&#8243; img_size=&#8221;full&#8221; style=&#8221;vc_box_outline&#8221; border_color=&#8221;orange&#8221;][\/vc_column][vc_column width=&#8221;3\/4&#8243;][vc_column_text]<\/p>\n<h3>Presidente\u00a0de la\u00a0Comisi\u00f3n\u00a0de\u00a0Nominaci\u00f3n,\u00a0Sra. Lise Bergh<\/h3>\n<p>Lise Bergh\u00a0tiene\u00a0un\u00a0amplio\u00a0conocimiento\u00a0en materia de\u00a0derechos\u00a0humanos. Lise\u00a0tiene\u00a0una\u00a0licenciatura\u00a0en\u00a0Derecho\u00a0y ha\u00a0trabajado\u00a0como\u00a0asesora\u00a0legal de la\u00a0Confederaci\u00f3n\u00a0de\u00a0Sindicatos\u00a0de Suecia, LO,\u00a0desde\u00a0el\u00a0a\u00f1o\u00a01976 hasta 1994,\u00a0enfoc\u00e1ndose\u00a0en los\u00a0derechos\u00a0laborales y\u00a0sindicales. De 1994 1999 se\u00a0desempe\u00f1\u00f3\u00a0como\u00a0el\u00a0Defensor\u00a0del Pueblo\u00a0adjunto\u00a0para la\u00a0Igualdad\u00a0de\u00a0G\u00e9nero\u00a0trabajando\u00a0tanto\u00a0a\u00a0nivel\u00a0te\u00f3rico\u00a0como\u00a0pr\u00e1ctico\u00a0con\u00a0la\u00a0ley\u00a0de\u00a0discriminaci\u00f3n\u00a0y los\u00a0derechos\u00a0de\u00a0las\u00a0mujeres. De 1999 a 2006\u00a0fue\u00a0Secretaria\u00a0de\u00a0Estado\u00a0para el\u00a0gobierno\u00a0social\u00a0dem\u00f3crata,\u00a0encargada\u00a0espec\u00edficamente\u00a0de temas\u00a0relacionados\u00a0a los\u00a0derechos\u00a0humanos,\u00a0minor\u00edas\u00a0nacionales,\u00a0democracia\u00a0y la\u00a0ley\u00a0de\u00a0discriminaci\u00f3n. De 2007 a 2014 Lise Bergh\u00a0fue\u00a0el\u00a0directora\u00a0de\u00a0Amnist\u00eda\u00a0Internacional\u00a0Suecia,\u00a0una\u00a0de\u00a0las\u00a0organizaciones\u00a0m\u00e1s\u00a0importantes del\u00a0mundo\u00a0en materia de\u00a0derechos\u00a0humanos. Lise Bergh\u00a0es\u00a0hoy\u00a0vice\u00a0presidente\u00a0de Save the Children, Suecia y\u00a0asesor\u00a0ejecutivo\u00a0en\u00a0derechos\u00a0humanos\u00a0y\u00a0normas\u00a0laborales en la\u00a0Academia\u00a0de\u00a0Derechos\u00a0Humanos\u00a0en\u00a0Empresas\u00a0donde\u00a0es\u00a0responsable\u00a0de la\u00a0capacitaci\u00f3n\u00a0b\u00e1sica\u00a0en\u00a0derechos\u00a0humanos\u00a0y los\u00a0principales\u00a0convenios\u00a0de la\u00a0OIT.<\/p>\n<p>[\/vc_column_text][\/vc_column][\/vc_row][vc_row][vc_column width=&#8221;1\/4&#8243;][vc_single_image image=&#8221;1267&#8243; img_size=&#8221;full&#8221; style=&#8221;vc_box_outline&#8221; border_color=&#8221;orange&#8221;][\/vc_column][vc_column width=&#8221;3\/4&#8243;][vc_column_text]<\/p>\n<h3>Sra.\u00a0Parul\u00a0Sharma<\/h3>\n<p>Parul\u00a0Sharma\u00a0es\u00a0directora\u00a0de la\u00a0Academia\u00a0de\u00a0Derechos\u00a0Humanos\u00a0en\u00a0Empresas\u00a0en\u00a0RSE\u00a0(Responsabilidad\u00a0social\u00a0empresarial) Suecia y\u00a0abogada\u00a0de\u00a0derechos\u00a0humanos\u00a0con\u00a0amplia\u00a0experiencia\u00a0en\u00a0temas de\u00a0RSE\u00a0en los\u00a0llamados\u00a0pa\u00edses\u00a0de\u00a0alto\u00a0riesgo.\u00a0Adem\u00e1s, a\u00a0partir\u00a0del\u00a0primero\u00a0de\u00a0septiembre\u00a0es\u00a0el\u00a0jefe\u00a0de la\u00a0secci\u00f3n\u00a0de\u00a0cumplimiento\u00a0en\u00a0RSE\u00a0en la firma de\u00a0abogados\u00a0Vinge. La Red de\u00a0Derechos\u00a0Humanos\u00a0India, el Centro\u00a0Europeo\u00a0de\u00a0Derecho,\u00a0Amnist\u00eda\u00a0grupo\u00a0empresarial\u00a0en Suecia, La\u00a0Comisi\u00f3n\u00a0Europea\u00a0de\u00a0Cooperaci\u00f3n\u00a0para el\u00a0Desarrollo\u00a0de el Sur de\u00a0Asia\u00a0y Sandvik AB son\u00a0algunos\u00a0ejemplos\u00a0donde\u00a0Parul\u00a0ha\u00a0trabajado\u00a0en\u00a0temas de\u00a0derechos\u00a0humanos, la\u00a0lucha\u00a0contra\u00a0la\u00a0corrupci\u00f3n, la\u00a0cadena\u00a0de\u00a0suministro,\u00a0leyes\u00a0laborales y\u00a0las\u00a0perspectivas\u00a0en materia de\u00a0RSE.<\/p>\n<p>Parul\u00a0ha\u00a0escrito\u00a0numeroso\u00a0de\u00a0art\u00edculos\u00a0en materia de\u00a0de\u00a0derechos\u00a0humanos, ha\u00a0sido\u00a0autora\u00a0de\u00a0cuatro\u00a0libros-\u00a0su\u00a0primer\u00a0libro\u00a0infantil sobre el\u00a0derecho\u00a0al\u00a0agua\u00a0fue\u00a0publicado\u00a0en 2013.\u00a0Su\u00a0cuarto\u00a0libro\u00a0sobre\u00a0Derechos\u00a0Humanos\u00a0en la India\u00a0fue\u00a0publicado\u00a0en\u00a0junio\u00a0de 2015.\u00a0Parul\u00a0ha\u00a0dirigido\u00a0numerosos\u00a0talleres\u00a0y\u00a0cursos\u00a0de\u00a0capacitaci\u00f3n\u00a0para\u00a0ONGs\u00a0multinacionales,\u00a0locales, regionales e\u00a0internacionales\u00a0y\u00a0las\u00a0autoridades\u00a0gubernamentales\u00a0en\u00a0temas\u00a0relativos\u00a0a\u00a0mujeres,\u00a0ni\u00f1os, los\u00a0derechos\u00a0de\u00a0las\u00a0minor\u00edas\u00a0y\u00a0todo\u00a0espectro\u00a0de\u00a0Derechos\u00a0Humanos,\u00a0adem\u00e1s\u00a0de temas de\u00a0lucha\u00a0contra\u00a0la\u00a0corrupci\u00f3n.<\/p>\n<p>Parul\u00a0es\u00a0actualmente\u00a0es\u00a0la\u00a0Presidente\u00a0de\u00a0FIAN\u00a0Suecia,\u00a0una\u00a0organizaci\u00f3n\u00a0internacional\u00a0que\u00a0trabaja\u00a0por el\u00a0derecho\u00a0a los\u00a0alimentos. Es,\u00a0adem\u00e1s,\u00a0embajadora\u00a0de\u00a0diversas\u00a0organizaciones\u00a0de\u00a0derechos\u00a0humanos\u00a0que\u00a0trabajan\u00a0contra\u00a0el\u00a0tr\u00e1fico\u00a0infantil\u00a0y a\u00a0favor\u00a0de los\u00a0derechos\u00a0del\u00a0ni\u00f1o;\u00a0RealStars\u00a0UE, Trygga Barnen Suecia (Ni\u00f1os\u00a0seguros, Suecia) y\u00a0Jamghat\u00a0(un\u00a0grupo\u00a0de\u00a0ni\u00f1os\u00a0de la\u00a0calle\u00a0de la India).\u00a0Parul\u00a0est\u00e1\u00a0impulsando\u00a0un\u00a0movimiento\u00a0civil\u00a0junto\u00a0a el\u00a0conocido\u00a0PVCHR\u00a0con\u00a0base\u00a0en\u00a0Varanasi,India.<\/p>\n<p>Parul\u00a0Sharma\u00a0es\u00a0considerada\u00a0como\u00a0el\u00a0experto\u00a0en\u00a0RSE\u00a0m\u00e1s\u00a0influyente\u00a0en la\u00a0regi\u00f3n\u00a0n\u00f3rdica\u00a0seg\u00fan\u00a0diversos\u00a0rankings regionales y\u00a0uno\u00a0de los\u00a0activistas\u00a0del medio\u00a0ambiente\u00a0m\u00e1s\u00a0influyentes\u00a0en Suecia.[\/vc_column_text][\/vc_column][\/vc_row][vc_row][vc_column width=&#8221;1\/4&#8243;][vc_single_image image=&#8221;1300&#8243; img_size=&#8221;full&#8221; style=&#8221;vc_box_outline&#8221; border_color=&#8221;orange&#8221;][\/vc_column][vc_column width=&#8221;3\/4&#8243;][vc_column_text]<\/p>\n<h3><strong>Diputado Tucapel Jim\u00e9nez, miembro de la C\u00e1mara Chilena de Diputados y de la Comisi\u00f3n de Derechos Humanos<\/strong><\/h3>\n<p>El se\u00f1or Tucapel Jim\u00e9nez es ingeniero el\u00e9ctrico ejecutando los v\u00ednculos pol\u00edticos de Chile ante el Partido por la Democracia (PPD). Ha sido miembro del Parlamento desde 2006 y el primer presidente de la Comisi\u00f3n de Derechos Humanos. Actualmente es diputado independiente pro-PPD por el distrito No.27 de El Bosque, La Cisterna y San Ram\u00f3n en el periodo electoral 2010-2014. El se\u00f1or Jim\u00e9nez es hijo de un dirigente sindical asesinado por la dictadura de Pinochet. Se convirti\u00f3 en un famoso defensor de los derechos humanos en Chile, a trav\u00e9s del juicio en el tribunal por el asesinato de su padre y contribuye activamente a otras causas similares. El se\u00f1or Jim\u00e9nez es un patrocinador para el Patio 29 del Cementerio General, que fue declarado monumento nacional; aqui se encontraron restos de algunos cuerpos desaparecidos. En 1997 form\u00f3 en honor a su difunto padre, la Fundaci\u00f3n Tucapel Jim\u00e9nez Alfaro, que ofrece capacitaci\u00f3n a dirigentes sindicales en Chile. El se\u00f1or Tucapel Jim\u00e9nez naci\u00f3 el 1 de septiembre de 1962.[\/vc_column_text][\/vc_column][\/vc_row][vc_row][vc_column width=&#8221;1\/4&#8243;][vc_single_image image=&#8221;1301&#8243; img_size=&#8221;full&#8221; style=&#8221;vc_box_outline&#8221; border_color=&#8221;orange&#8221;][\/vc_column][vc_column width=&#8221;3\/4&#8243;][vc_column_text]<\/p>\n<h3><strong>El Catedr\u00e1tico Vitit Muntarbhorn, ex Relator Especial sobre la Situaci\u00f3n de los Derechos Humanos de la Rep\u00fablica Popular Democr\u00e1tica de Corea de Naciones Unidas<\/strong><\/h3>\n<p>El se\u00f1or Vitit Muntarbhor, es catedr\u00e1tico de la Facultad de Derecho de la Universidad de Chulalongkor, Bangkok, es el ex director ejecutivo de los Derechos del Ni\u00f1o, ASIANET, una red regional para la protecci\u00f3n de los ni\u00f1os, establecido por UNICEF.<\/p>\n<p>Ha impartido clases en diversas instituciones, entre ellas la Facultad de Derecho de la Universidad de Reading en el Reino Unido, y en la Fundaci\u00f3n Canadiense de Derechos Humanos. Adem\u00e1s ha establecido proyectos de alfabetizaci\u00f3n jur\u00eddica para educar a los ni\u00f1os sobre sus derechos b\u00e1sicos. En 1992 fue el portavoz de la Campa\u00f1a por la Democracia Popular, Tailandia. El se\u00f1or Muntarbhorn fue un miembro de la facultad de Salzburgo, Sesi\u00f3n Seminario 320 Infancia M\u00e1s all\u00e1 de la supervivencia: Promover el bienestar de los ni\u00f1os peque\u00f1os. El se\u00f1or Muntarbhorn fue el Relator Especial de Naciones Unidas sobre la venta de ni\u00f1os, la prostituci\u00f3n infantil y pornograf\u00eda infantil de 1990-1994. En 2004 fue galardonado con el Premio UNESCO de Educaci\u00f3n en Derechos Humanos .<\/p>\n<p>Sr. Muntarbhorn es un graduado de la Universidad de Oxford y la Universidad Libre de Bruselas, y es un abogado en el Middle Temple de Londres.[\/vc_column_text][\/vc_column][\/vc_row][vc_row][vc_column width=&#8221;1\/4&#8243;][vc_single_image image=&#8221;1504&#8243; img_size=&#8221;full&#8221; style=&#8221;vc_box_outline&#8221; border_color=&#8221;orange&#8221;][\/vc_column][vc_column width=&#8221;3\/4&#8243;][vc_column_text]<\/p>\n<h3>Embajador Emilio Barbarani<\/h3>\n<p>El Embajador Emilio Barbarani, nacido en Verona (Italia) en1940, cursos universitarios en Derecho y Ciencias Pol\u00edticas, casado con tres hijos, es un diplom\u00e1tico retirado, hoy dia escritor. Por la educaci\u00f3n recibida desde ni\u00f1o en su familia y en el colegio (salesianos), y por experiencias directas de vida en Argentina durante su juventud, ha manifestado desde siempre una particular sensibilidad hacia el tema de los derechos humanos, de la defensa de los mas d\u00e9biles, de una repartici\u00f3n mas equilibrada en el mundo de la riqueza, del bienestar y de la cultura, entrando a veces en conflicto con las situaciones locales encontradas en algunos pa\u00edses en el curso de su carrera.<\/p>\n<p>Esto ocurri\u00f3 en Argentina, donde actu\u00f3 como Consul de Italia en el periodo que coincidi\u00f3 con el regreso desde Madrid del General Peron (1973). Esto ocurri\u00f3 tambi\u00e9n en Chile, donde lleg\u00f2 algunos meses despu\u00e9s del golpe de estado del General Pinochet y de la expulsi\u00f3n como \u201cpersona non grata\u201d del Embajador sueco Harald Edelstam. En Santiago, Barbarani fue encargado de averiguar qui\u00e9n hab\u00eda matado a Lumi Videla, miembro del Movimiento de Izquierda Revolucionaria (MIR), lanzando su cad\u00e1ver durante el toque de queda nocturno al jardin de la Embajada italiana, donde viv\u00eda un centenar de refugiados pol\u00edticos.<\/p>\n<p>Barbarani ha descrito cuanto ha visto y vivido en Santiago, actuando a veces sin instrucciones desde Roma, a veces en contra de ellas, en un libro (\u201cQuien mat\u00f3 a Lumi Videla?\u201d), que, adem\u00e1s de tres premios literarios, le ha merecido el titulo de \u201cJusto\u201d de Gariwo (the Gardens of the Righteous in the World): el y sus colegas durante la represi\u00f3n militar lograron poner en salvo al extranjero 750 refugiados en la Embajada italiana. Los Derechos Humanos y la dignidad del Hombre \u2013 concluye el libro \u2013 tienen que ser siempre respetados bajo todos los sistemas pol\u00edticos, de derechas, de centro y de izquierda![\/vc_column_text][\/vc_column][\/vc_row][vc_row][vc_column width=&#8221;1\/4&#8243;][vc_single_image image=&#8221;1298&#8243; img_size=&#8221;full&#8221; style=&#8221;vc_box_outline&#8221; border_color=&#8221;orange&#8221;][\/vc_column][vc_column width=&#8221;3\/4&#8243;][vc_column_text]<\/p>\n<h3><strong>Lee Cheuk-yan, Secretario General de la Confederaci\u00f3n de Sindicatos de Hong Kong.<\/strong><\/h3>\n<p>El se\u00f1or Lee Cheuk-yan es miembro del Consejo Legislativo de Hong Kong, en representaci\u00f3n de la circunscripci\u00f3n occidental de Nuevos Territorios. Es tambi\u00e9n secretario general de la Confederaci\u00f3n de Hong Kong de los sindicatos y el presidente de la Alianza de Hong Kong en Apoyo del Movimiento Patri\u00f3tica Democr\u00e1ticos en China. El se\u00f1or Cheuk-yan emigr\u00f3 de China continental a Hong Kong en 1959 y se gradu\u00f3 de la Universidad de Hong Kong con una licenciatura en ingenier\u00eda civil. Desde sus d\u00edas universitarios Sr. Cheuk-yan ha sido un trabajador y activista pro-democracia. Durante las protestas de Tiananmen 1989 dirigidos por estudiantes, el Sr. Cheuk-yan recogi\u00f3 donaciones en Hong Kong y viaj\u00f3 a Beijing para traspasar los fondos a los estudiantes en Tiananmen Square. Fue detenido por las autoridades de all\u00ed que le hicieron firmar una carta de confesi\u00f3n antes de ser autorizado a regresar a Hong Kong. Desde los acontecimientos de 1989 ha seguido siendo un miembro del comit\u00e9 permanente del grupo pro-democracia, La Alianza de Hong Kong en apoyo al Movimiento Patri\u00f3tica Democr\u00e1ticos en China. El se\u00f1or Cheuk-yan ha sido legislador durante m\u00e1s de una d\u00e9cada, con excepci\u00f3n de un breve per\u00edodo durante 1997 y 1998, cuando la soberan\u00eda de Hong Kong fue trasladado a la Rep\u00fablica Popular de China, y el Consejo Legislativo temporalmente se convirti\u00f3 en un Consejo Legislativo Provisional , que estaba llena de personas elegidos por Pek\u00edn. El se\u00f1or Lee Cheuk-yan, naci\u00f3 12 de febrero 1957, en Chaoyang, provincia de Guangdong.[\/vc_column_text][\/vc_column][\/vc_row][vc_row][vc_column width=&#8221;1\/4&#8243;][vc_single_image image=&#8221;1477&#8243; img_size=&#8221;full&#8221; style=&#8221;vc_box_outline&#8221; border_color=&#8221;orange&#8221;][\/vc_column][vc_column width=&#8221;3\/4&#8243;][vc_column_text]<\/p>\n<h3>Sr. Stuart Russel<\/h3>\n<p>Stuart Russell fue abogado de derechos humanos en Montreal durante la d\u00e9cada de 1980. Luego se movi\u00f3 a Australia, donde fue profesor de derecho en la Universidad Macquarie de Sydney y juez administrativo en el Tribunal de Revisi\u00f3n de Refugiados. En 2006, se movi\u00f3 a Francia y desde 2014 fue el copresidente del Comit\u00e9 de Monitaticion de Ataques contra Abogados de la Asociaci\u00f3n Internacional de Abogados del Pueblo (IAPL). Ha realizado investigaciones y publicado ampliamente sobre ataques contra abogados en todo el mundo.[\/vc_column_text][\/vc_column][\/vc_row]<\/p>\n<\/div>","protected":false},"excerpt":{"rendered":"<p>[vc_row][vc_column width=&#8221;1\/4&#8243;][vc_single_image image=&#8221;1299&#8243; img_size=&#8221;full&#8221; style=&#8221;vc_box_outline&#8221; border_color=&#8221;orange&#8221;][\/vc_column][vc_column width=&#8221;3\/4&#8243;][vc_column_text] Presidente\u00a0de la\u00a0Comisi\u00f3n\u00a0de\u00a0Nominaci\u00f3n,\u00a0Sra. Lise Bergh Lise Bergh\u00a0tiene\u00a0un\u00a0amplio\u00a0conocimiento\u00a0en materia de\u00a0derechos\u00a0humanos. Lise\u00a0tiene\u00a0una\u00a0licenciatura\u00a0en\u00a0Derecho\u00a0y ha\u00a0trabajado\u00a0como\u00a0asesora\u00a0legal de la\u00a0Confederaci\u00f3n\u00a0de\u00a0Sindicatos\u00a0de Suecia, LO,\u00a0desde\u00a0el\u00a0a\u00f1o\u00a01976 hasta 1994,\u00a0enfoc\u00e1ndose\u00a0en los\u00a0derechos\u00a0laborales y\u00a0sindicales. De 1994 1999 se\u00a0desempe\u00f1\u00f3\u00a0como\u00a0el\u00a0Defensor\u00a0del Pueblo\u00a0adjunto\u00a0para la\u00a0Igualdad\u00a0de\u00a0G\u00e9nero\u00a0trabajando\u00a0tanto\u00a0a\u00a0nivel\u00a0te\u00f3rico\u00a0como\u00a0pr\u00e1ctico\u00a0con\u00a0la\u00a0ley\u00a0de\u00a0discriminaci\u00f3n\u00a0y los\u00a0derechos\u00a0de\u00a0las\u00a0mujeres. De 1999 a 2006\u00a0fue\u00a0Secretaria\u00a0de\u00a0Estado\u00a0para el\u00a0gobierno\u00a0social\u00a0dem\u00f3crata,\u00a0encargada\u00a0espec\u00edficamente\u00a0de temas\u00a0relacionados\u00a0a los\u00a0derechos\u00a0humanos,\u00a0minor\u00edas\u00a0nacionales,\u00a0democracia\u00a0y la\u00a0ley\u00a0de\u00a0discriminaci\u00f3n. De 2007 a 2014 Lise Bergh\u00a0fue\u00a0el\u00a0directora\u00a0de\u00a0Amnist\u00eda\u00a0Internacional\u00a0Suecia,\u00a0una\u00a0de\u00a0las\u00a0organizaciones\u00a0m\u00e1s\u00a0importantes del\u00a0mundo\u00a0en materia de\u00a0derechos\u00a0humanos. Lise Bergh\u00a0es\u00a0hoy\u00a0vice\u00a0presidente\u00a0de Save the Children, Suecia [&hellip;]<\/p>\n","protected":false},"author":1,"featured_media":0,"parent":753,"menu_order":0,"comment_status":"open","ping_status":"open","template":"","meta":{"ocean_post_layout":"","ocean_both_sidebars_style":"","ocean_both_sidebars_content_width":0,"ocean_both_sidebars_sidebars_width":0,"ocean_sidebar":"","ocean_second_sidebar":"","ocean_disable_margins":"enable","ocean_add_body_class":"","ocean_shortcode_before_top_bar":"","ocean_shortcode_after_top_bar":"","ocean_shortcode_before_header":"","ocean_shortcode_after_header":"","ocean_has_shortcode":"","ocean_shortcode_after_title":"","ocean_shortcode_before_footer_widgets":"","ocean_shortcode_after_footer_widgets":"","ocean_shortcode_before_footer_bottom":"","ocean_shortcode_after_footer_bottom":"","ocean_display_top_bar":"default","ocean_display_header":"default","ocean_header_style":"","ocean_center_header_left_menu":"","ocean_custom_header_template":"","ocean_custom_logo":0,"ocean_custom_retina_logo":0,"ocean_custom_logo_max_width":0,"ocean_custom_logo_tablet_max_width":0,"ocean_custom_logo_mobile_max_width":0,"ocean_custom_logo_max_height":0,"ocean_custom_logo_tablet_max_height":0,"ocean_custom_logo_mobile_max_height":0,"ocean_header_custom_menu":"","ocean_menu_typo_font_family":"","ocean_menu_typo_font_subset":"","ocean_menu_typo_font_size":0,"ocean_menu_typo_font_size_tablet":0,"ocean_menu_typo_font_size_mobile":0,"ocean_menu_typo_font_size_unit":"px","ocean_menu_typo_font_weight":"","ocean_menu_typo_font_weight_tablet":"","ocean_menu_typo_font_weight_mobile":"","ocean_menu_typo_transform":"","ocean_menu_typo_transform_tablet":"","ocean_menu_typo_transform_mobile":"","ocean_menu_typo_line_height":0,"ocean_menu_typo_line_height_tablet":0,"ocean_menu_typo_line_height_mobile":0,"ocean_menu_typo_line_height_unit":"","ocean_menu_typo_spacing":0,"ocean_menu_typo_spacing_tablet":0,"ocean_menu_typo_spacing_mobile":0,"ocean_menu_typo_spacing_unit":"","ocean_menu_link_color":"","ocean_menu_link_color_hover":"","ocean_menu_link_color_active":"","ocean_menu_link_background":"","ocean_menu_link_hover_background":"","ocean_menu_link_active_background":"","ocean_menu_social_links_bg":"","ocean_menu_social_hover_links_bg":"","ocean_menu_social_links_color":"","ocean_menu_social_hover_links_color":"","ocean_disable_title":"default","ocean_disable_heading":"default","ocean_post_title":"","ocean_post_subheading":"","ocean_post_title_style":"","ocean_post_title_background_color":"","ocean_post_title_background":0,"ocean_post_title_bg_image_position":"","ocean_post_title_bg_image_attachment":"","ocean_post_title_bg_image_repeat":"","ocean_post_title_bg_image_size":"","ocean_post_title_height":0,"ocean_post_title_bg_overlay":0.5,"ocean_post_title_bg_overlay_color":"","ocean_disable_breadcrumbs":"default","ocean_breadcrumbs_color":"","ocean_breadcrumbs_separator_color":"","ocean_breadcrumbs_links_color":"","ocean_breadcrumbs_links_hover_color":"","ocean_display_footer_widgets":"default","ocean_display_footer_bottom":"default","ocean_custom_footer_template":"","footnotes":""},"class_list":["post-1021","page","type-page","status-publish","hentry","entry"],"aioseo_notices":[],"_links":{"self":[{"href":"https:\/\/www.edelstam.org\/es\/wp-json\/wp\/v2\/pages\/1021","targetHints":{"allow":["GET"]}}],"collection":[{"href":"https:\/\/www.edelstam.org\/es\/wp-json\/wp\/v2\/pages"}],"about":[{"href":"https:\/\/www.edelstam.org\/es\/wp-json\/wp\/v2\/types\/page"}],"author":[{"embeddable":true,"href":"https:\/\/www.edelstam.org\/es\/wp-json\/wp\/v2\/users\/1"}],"replies":[{"embeddable":true,"href":"https:\/\/www.edelstam.org\/es\/wp-json\/wp\/v2\/comments?post=1021"}],"version-history":[{"count":0,"href":"https:\/\/www.edelstam.org\/es\/wp-json\/wp\/v2\/pages\/1021\/revisions"}],"up":[{"embeddable":true,"href":"https:\/\/www.edelstam.org\/es\/wp-json\/wp\/v2\/pages\/753"}],"wp:attachment":[{"href":"https:\/\/www.edelstam.org\/es\/wp-json\/wp\/v2\/media?parent=1021"}],"curies":[{"name":"wp","href":"https:\/\/api.w.org\/{rel}","templated":true}]}}